{"id":1873,"date":"2025-06-20T08:35:59","date_gmt":"2025-06-20T08:35:59","guid":{"rendered":"https:\/\/tartufi-istra.com\/istrische-fuzi-mit-trueffeln\/"},"modified":"2025-06-30T12:08:07","modified_gmt":"2025-06-30T12:08:07","slug":"istrische-fuzi-mit-trueffeln","status":"publish","type":"page","link":"https:\/\/tartufi-istra.com\/de\/gerichte-mit-trueffeln\/istrische-fuzi-mit-trueffeln\/","title":{"rendered":"ISTRISCHE FU\u017dI MIT TR\u00dcFFELN"},"content":{"rendered":"<p>[et_pb_section fb_built=&#8220;1&#8243; _builder_version=&#8220;4.27.4&#8243; _module_preset=&#8220;default&#8220; background_color=&#8220;#000000&#8243; height=&#8220;350px&#8220; custom_css_main_element=&#8220;display: flex;||  justify-content: center;  \/* horizontal *\/||  align-items: center; &#8220; global_colors_info=&#8220;{}&#8220;][et_pb_row make_equal=&#8220;on&#8220; _builder_version=&#8220;4.27.4&#8243; _module_preset=&#8220;default&#8220; custom_css_main_element=&#8220;align-items: center;&#8220; global_colors_info=&#8220;{}&#8220;][et_pb_column type=&#8220;4_4&#8243; _builder_version=&#8220;4.27.4&#8243; _module_preset=&#8220;default&#8220; global_colors_info=&#8220;{}&#8220;][et_pb_text _builder_version=&#8220;4.27.4&#8243; _module_preset=&#8220;default&#8220; text_text_color=&#8220;#FFFFFF&#8220; text_font_size=&#8220;16px&#8220; header_font=&#8220;Times New Roman||||||||&#8220; header_text_align=&#8220;center&#8220; header_text_color=&#8220;#FFFFFF&#8220; header_font_size=&#8220;3em&#8220; header_3_font=&#8220;|300|||||||&#8220; header_3_text_align=&#8220;center&#8220; header_3_text_color=&#8220;#000000&#8243; header_3_font_size=&#8220;32px&#8220; header_6_font=&#8220;Kaushan Script||||||||&#8220; header_6_text_align=&#8220;center&#8220; header_6_text_color=&#8220;#D1B77B&#8220; header_6_font_size=&#8220;18px&#8220; text_orientation=&#8220;center&#8220; global_colors_info=&#8220;{}&#8220;]<\/p>\n<h6>Tr\u00fcffel Istrien<\/h6>\n<h1>ISTRISCHE FU\u017dI MIT TR\u00dcFFELN<\/h1>\n<p>[\/et_pb_text][\/et_pb_column][\/et_pb_row][\/et_pb_section][et_pb_section fb_built=&#8220;1&#8243; _builder_version=&#8220;4.27.4&#8243; _module_preset=&#8220;default&#8220; global_colors_info=&#8220;{}&#8220;][et_pb_row _builder_version=&#8220;4.27.4&#8243; _module_preset=&#8220;default&#8220; global_colors_info=&#8220;{}&#8220;][et_pb_column type=&#8220;4_4&#8243; _builder_version=&#8220;4.27.4&#8243; _module_preset=&#8220;default&#8220; global_colors_info=&#8220;{}&#8220;][et_pb_text _builder_version=&#8220;4.27.4&#8243; _module_preset=&#8220;default&#8220; text_text_color=&#8220;#232323&#8243; text_font_size=&#8220;16px&#8220; header_3_font=&#8220;||||||||&#8220; header_3_text_align=&#8220;center&#8220; header_3_text_color=&#8220;#000000&#8243; header_3_font_size=&#8220;28px&#8220; header_6_font=&#8220;Kaushan Script||||||||&#8220; header_6_font_size=&#8220;18px&#8220; text_orientation=&#8220;center&#8220; global_colors_info=&#8220;{}&#8220;]<\/p>\n<h3>ISTRISCHE FU\u017dI MIT TR\u00dcFFELN<\/h3>\n<p data-start=\"1596\" data-end=\"1918\">Istrische Fu\u017ei mit Tr\u00fcffeln sind ein wahrhafter kulinarischer Schatz Istriens. Die traditionelle hausgemachte Pasta in Kombination mit aromatischen Tr\u00fcffeln bietet ein einzigartiges gastronomisches Erlebnis. Dieser Klassiker der istrischen K\u00fcche verbindet perfekt lokale Zutaten und jahrhundertealte Tradition der Fu\u017ei-Zubereitung mit dem unwiderstehlichen Aroma frischer wei\u00dfer oder schwarzer Tr\u00fcffel.  <\/p>\n<p data-start=\"1920\" data-end=\"1946\">\n<p>[\/et_pb_text][\/et_pb_column][\/et_pb_row][\/et_pb_section][et_pb_section fb_built=&#8220;1&#8243; _builder_version=&#8220;4.27.4&#8243; _module_preset=&#8220;default&#8220; background_color=&#8220;#FAFAFA&#8220; background_enable_image=&#8220;off&#8220; global_colors_info=&#8220;{}&#8220;][et_pb_row column_structure=&#8220;1_2,1_2&#8243; make_equal=&#8220;on&#8220; _builder_version=&#8220;4.27.4&#8243; _module_preset=&#8220;default&#8220; width=&#8220;85%&#8220; max_width=&#8220;85%&#8220; custom_css_main_element=&#8220;align-items:center;&#8220; global_colors_info=&#8220;{}&#8220;][et_pb_column type=&#8220;1_2&#8243; _builder_version=&#8220;4.27.4&#8243; _module_preset=&#8220;default&#8220; global_colors_info=&#8220;{}&#8220;][et_pb_text _builder_version=&#8220;4.27.4&#8243; _module_preset=&#8220;default&#8220; text_text_color=&#8220;#232323&#8243; text_font_size=&#8220;16px&#8220; header_3_font=&#8220;||||||||&#8220; header_3_text_color=&#8220;#000000&#8243; header_3_font_size=&#8220;28px&#8220; header_6_font=&#8220;Kaushan Script||||||||&#8220; header_6_font_size=&#8220;18px&#8220; global_colors_info=&#8220;{}&#8220;]<\/p>\n<p data-start=\"434\" data-end=\"460\"><strong data-start=\"434\" data-end=\"460\">Zutaten (f\u00fcr 2 Personen):<\/strong><\/p>\n<ul data-start=\"461\" data-end=\"711\">\n<li data-start=\"461\" data-end=\"491\">\n<p data-start=\"463\" data-end=\"491\">250 g frische istrische Fu\u017ei<\/p>\n<\/li>\n<li data-start=\"492\" data-end=\"532\">\n<p data-start=\"494\" data-end=\"532\">20 g frische wei\u00dfe oder schwarze Tr\u00fcffel<\/p>\n<\/li>\n<li data-start=\"533\" data-end=\"562\">\n<p data-start=\"535\" data-end=\"562\">2 EL Tr\u00fcffelbutter<\/p>\n<\/li>\n<li data-start=\"563\" data-end=\"620\">\n<p data-start=\"565\" data-end=\"620\">50 ml s\u00fc\u00dfe Sahne (optional f\u00fcr eine cremigere Variante)<\/p>\n<\/li>\n<li data-start=\"621\" data-end=\"637\">\n<p data-start=\"623\" data-end=\"637\">Eine Prise Salz<\/p>\n<\/li>\n<li data-start=\"638\" data-end=\"666\">\n<p data-start=\"640\" data-end=\"666\">Frisch gemahlener schwarzer Pfeffer<\/p>\n<\/li>\n<li data-start=\"667\" data-end=\"711\">\n<p data-start=\"669\" data-end=\"711\">Parmesan oder Grana Padano zum Bestreuen<\/p>\n<\/li>\n<\/ul>\n<p data-start=\"713\" data-end=\"726\"><strong data-start=\"713\" data-end=\"726\">Zubereitung:<\/strong><\/p>\n<ol>\n<li data-start=\"730\" data-end=\"807\">Kochen Sie die Fu\u017ei in gesalzenem Wasser nach Anweisung (etwa 7-8 Minuten, wenn sie frisch sind).<\/li>\n<li data-start=\"811\" data-end=\"862\">Schmelzen Sie die Butter mit den Tr\u00fcffeln in einer Pfanne bei niedriger Hitze.<\/li>\n<li data-start=\"866\" data-end=\"957\">Geben Sie die abgetropften Fu\u017ei in die Pfanne mit der Butter und f\u00fcgen Sie etwas Kochwasser f\u00fcr eine bessere Textur hinzu.<\/li>\n<li data-start=\"961\" data-end=\"1040\">R\u00fchren Sie nach Wunsch die Sahne ein und mischen Sie kurz, bis alle Zutaten verbunden sind.<\/li>\n<li data-start=\"1044\" data-end=\"1113\">Reiben Sie frische Tr\u00fcffel direkt \u00fcber die Pasta und mischen Sie vorsichtig.<\/li>\n<li data-start=\"1117\" data-end=\"1201\">Servieren Sie hei\u00df mit zus\u00e4tzlichem geriebenem K\u00e4se und einigen d\u00fcnnen Tr\u00fcffelscheiben obenauf.<\/li>\n<\/ol>\n<p data-start=\"1203\" data-end=\"1354\"><strong data-start=\"1203\" data-end=\"1230\">Serviertipp:<\/strong><br data-start=\"1230\" data-end=\"1233\">Zu diesem Gericht empfiehlt sich ein Glas hochwertiger istrischer Teran, dessen fruchtige Note perfekt den reichhaltigen Geschmack der Tr\u00fcffel erg\u00e4nzt.<\/p>\n<p>[\/et_pb_text][\/et_pb_column][et_pb_column type=&#8220;1_2&#8243; _builder_version=&#8220;4.27.4&#8243; _module_preset=&#8220;default&#8220; global_colors_info=&#8220;{}&#8220;][et_pb_image src=&#8220;https:\/\/tartufi-istra.com\/wp-content\/uploads\/2025\/06\/fuzi_sa_tartufima.png&#8220; _builder_version=&#8220;4.27.4&#8243; _module_preset=&#8220;default&#8220; hover_enabled=&#8220;0&#8243; global_colors_info=&#8220;{}&#8220; max_width=&#8220;90%&#8220; module_alignment=&#8220;center&#8220; alt=&#8220;fuzi_mit_trueffeln&#8220; sticky_enabled=&#8220;0&#8243;][\/et_pb_image][\/et_pb_column][\/et_pb_row][\/et_pb_section][et_pb_section fb_built=&#8220;1&#8243; _builder_version=&#8220;4.27.4&#8243; _module_preset=&#8220;default&#8220; background_enable_color=&#8220;off&#8220; global_colors_info=&#8220;{}&#8220;][et_pb_row _builder_version=&#8220;4.27.4&#8243; _module_preset=&#8220;default&#8220; global_colors_info=&#8220;{}&#8220;][et_pb_column type=&#8220;4_4&#8243; _builder_version=&#8220;4.27.4&#8243; _module_preset=&#8220;default&#8220; global_colors_info=&#8220;{}&#8220;][et_pb_heading title=&#8220;UNSERE FAVORITEN SHOPPEN&#8220; _builder_version=&#8220;4.27.4&#8243; _module_preset=&#8220;default&#8220; title_level=&#8220;h2&#8243; title_font=&#8220;|300|||||||&#8220; title_text_color=&#8220;#000000&#8243; title_font_size=&#8220;32px&#8220; global_colors_info=&#8220;{}&#8220;][\/et_pb_heading][\/et_pb_column][\/et_pb_row][et_pb_row _builder_version=&#8220;4.27.4&#8243; _module_preset=&#8220;default&#8220; global_colors_info=&#8220;{}&#8220;][et_pb_column type=&#8220;4_4&#8243; _builder_version=&#8220;4.27.4&#8243; _module_preset=&#8220;default&#8220; global_colors_info=&#8220;{}&#8220;][et_pb_shop columns_number=&#8220;4&#8243; icon_hover_color=&#8220;#D1B77B&#8220; show_rating=&#8220;off&#8220; _builder_version=&#8220;4.27.4&#8243; _module_preset=&#8220;default&#8220; title_font_size=&#8220;18px&#8220; price_text_color=&#8220;#232323&#8243; price_font_size=&#8220;16px&#8220; global_colors_info=&#8220;{}&#8220;][\/et_pb_shop][\/et_pb_column][\/et_pb_row][\/et_pb_section]<\/p>\n","protected":false},"excerpt":{"rendered":"<p>Tr\u00fcffel Istrien ISTRISCHE FU\u017dI MIT TR\u00dcFFELNISTRISCHE FU\u017dI MIT TR\u00dcFFELN Istrische Fu\u017ei mit Tr\u00fcffeln sind ein wahrhafter kulinarischer Schatz Istriens. Die traditionelle hausgemachte Pasta in Kombination mit aromatischen Tr\u00fcffeln bietet ein einzigartiges gastronomisches Erlebnis. Dieser Klassiker der istrischen K\u00fcche verbindet perfekt lokale Zutaten und jahrhundertealte Tradition der Fu\u017ei-Zubereitung mit dem unwiderstehlichen Aroma frischer wei\u00dfer oder schwarzer&hellip;<\/p>\n","protected":false},"author":1,"featured_media":0,"parent":1884,"menu_order":0,"comment_status":"closed","ping_status":"closed","template":"","meta":{"_et_pb_use_builder":"on","_et_pb_old_content":"","_et_gb_content_width":"","footnotes":""},"class_list":["post-1873","page","type-page","status-publish","hentry"],"aioseo_notices":[],"_links":{"self":[{"href":"https:\/\/tartufi-istra.com\/de\/wp-json\/wp\/v2\/pages\/1873","targetHints":{"allow":["GET"]}}],"collection":[{"href":"https:\/\/tartufi-istra.com\/de\/wp-json\/wp\/v2\/pages"}],"about":[{"href":"https:\/\/tartufi-istra.com\/de\/wp-json\/wp\/v2\/types\/page"}],"author":[{"embeddable":true,"href":"https:\/\/tartufi-istra.com\/de\/wp-json\/wp\/v2\/users\/1"}],"replies":[{"embeddable":true,"href":"https:\/\/tartufi-istra.com\/de\/wp-json\/wp\/v2\/comments?post=1873"}],"version-history":[{"count":0,"href":"https:\/\/tartufi-istra.com\/de\/wp-json\/wp\/v2\/pages\/1873\/revisions"}],"up":[{"embeddable":true,"href":"https:\/\/tartufi-istra.com\/de\/wp-json\/wp\/v2\/pages\/1884"}],"wp:attachment":[{"href":"https:\/\/tartufi-istra.com\/de\/wp-json\/wp\/v2\/media?parent=1873"}],"curies":[{"name":"wp","href":"https:\/\/api.w.org\/{rel}","templated":true}]}}