{"id":2009,"date":"2025-05-28T08:23:06","date_gmt":"2025-05-28T08:23:06","guid":{"rendered":"https:\/\/tartufi-istra.com\/trueffel-in-istrien\/"},"modified":"2026-04-10T12:53:41","modified_gmt":"2026-04-10T12:53:41","slug":"trueffel-in-istrien","status":"publish","type":"page","link":"https:\/\/tartufi-istra.com\/de\/trueffel-in-istrien\/","title":{"rendered":"Tr\u00fcffel in Istrien"},"content":{"rendered":"<p>[et_pb_section fb_built=&#8220;1&#8243; _builder_version=&#8220;4.27.4&#8243; _module_preset=&#8220;default&#8220; background_enable_color=&#8220;off&#8220; use_background_color_gradient=&#8220;on&#8220; background_color_gradient_stops=&#8220;rgba(0,0,0,0.4) 0%|rgba(0,0,0,0.4) 100%&#8220; background_color_gradient_overlays_image=&#8220;on&#8220; background_image=&#8220;https:\/\/tartufi-istra.com\/wp-content\/uploads\/2025\/06\/Tartufi-suma-1.jpg&#8220; background_position=&#8220;top_center&#8220; background_vertical_offset=&#8220;75%&#8220; height=&#8220;350px&#8220; custom_margin=&#8220;40px||||false|false&#8220; custom_css_main_element=&#8220;display: flex;||  justify-content: center;  \/* horizontal *\/||  align-items: center; &#8220; global_colors_info=&#8220;{}&#8220;][et_pb_row make_equal=&#8220;on&#8220; _builder_version=&#8220;4.27.4&#8243; _module_preset=&#8220;default&#8220; custom_css_main_element=&#8220;align-items: center;&#8220; global_colors_info=&#8220;{}&#8220;][et_pb_column type=&#8220;4_4&#8243; _builder_version=&#8220;4.27.4&#8243; _module_preset=&#8220;default&#8220; global_colors_info=&#8220;{}&#8220;][et_pb_text _builder_version=&#8220;4.27.6&#8243; _module_preset=&#8220;default&#8220; text_text_color=&#8220;#FFFFFF&#8220; text_font_size=&#8220;16px&#8220; header_font=&#8220;Times New Roman||||||||&#8220; header_text_align=&#8220;center&#8220; header_text_color=&#8220;#FFFFFF&#8220; header_font_size=&#8220;3em&#8220; header_3_font=&#8220;|300|||||||&#8220; header_3_text_align=&#8220;center&#8220; header_3_text_color=&#8220;#000000&#8243; header_3_font_size=&#8220;32px&#8220; header_6_font=&#8220;Kaushan Script||||||||&#8220; header_6_text_align=&#8220;center&#8220; header_6_text_color=&#8220;#D1B77B&#8220; header_6_font_size=&#8220;18px&#8220; text_orientation=&#8220;center&#8220; hover_enabled=&#8220;0&#8243; global_colors_info=&#8220;{}&#8220; custom_padding=&#8220;||0px|||&#8220; sticky_enabled=&#8220;0&#8243;]<\/p>\n<h6>Tr\u00fcffel Istrien<\/h6>\n<h1>TR\u00dcFFEL IN ISTRIEN<\/h1>\n<p>Tr\u00fcffel in Istrien geh\u00f6ren zu den wertvollsten Delikatessen der Welt und wachsen vor allem im ber\u00fchmten Motovun-Wald.<\/p>\n<p>[\/et_pb_text][\/et_pb_column][\/et_pb_row][\/et_pb_section][et_pb_section fb_built=&#8220;1&#8243; _builder_version=&#8220;4.27.4&#8243; _module_preset=&#8220;default&#8220; global_colors_info=&#8220;{}&#8220;][et_pb_row _builder_version=&#8220;4.27.4&#8243; _module_preset=&#8220;default&#8220; global_colors_info=&#8220;{}&#8220;][et_pb_column type=&#8220;4_4&#8243; _builder_version=&#8220;4.27.4&#8243; _module_preset=&#8220;default&#8220; global_colors_info=&#8220;{}&#8220;][et_pb_text _builder_version=&#8220;4.27.4&#8243; _module_preset=&#8220;default&#8220; text_text_color=&#8220;#232323&#8243; text_font_size=&#8220;16px&#8220; header_3_font=&#8220;||||||||&#8220; header_3_text_align=&#8220;center&#8220; header_3_text_color=&#8220;#000000&#8243; header_3_font_size=&#8220;28px&#8220; header_6_font=&#8220;Kaushan Script||||||||&#8220; header_6_font_size=&#8220;18px&#8220; text_orientation=&#8220;center&#8220; animation_style=&#8220;fade&#8220; global_colors_info=&#8220;{}&#8220;]<\/p>\n<h3>WAS SIND TR\u00dcFFEL?<\/h3>\n<p data-start=\"246\" data-end=\"635\"><strong data-start=\"246\" data-end=\"257\">Tr\u00fcffel<\/strong> sind eine besondere Art unterirdischer Pilze, die unter der Erdoberfl\u00e4che in einer Tiefe von 5 bis 30 Zentimetern wachsen. Ihr nat\u00fcrlicher Lebensraum sind feuchte und n\u00e4hrstoffreiche B\u00f6den, reich an Humus, Sand und Kies, meist in Symbiose mit den Wurzeln von Eichen, Haselnussstr\u00e4uchern, Pappeln und Hainbuchen. Ihr einzigartiges und unverwechselbares <strong data-start=\"552\" data-end=\"633\">Aroma und ihr Geschmack machen sie zu einer der begehrtesten Delikatessen in der Welt der Gastronomie<\/strong>.  <\/p>\n<p data-start=\"637\" data-end=\"833\">Im Gegensatz zu anderen Pilzen wachsen Tr\u00fcffel unter der Erde, sodass es unm\u00f6glich ist, sie ohne die Hilfe speziell ausgebildeter Sp\u00fcrhunde zu finden, deren au\u00dfergew\u00f6hnlicher Geruchssinn das Aufsp\u00fcren dieser verborgenen Naturjuwelen erm\u00f6glicht.<\/p>\n<p>[\/et_pb_text][\/et_pb_column][\/et_pb_row][\/et_pb_section][et_pb_section fb_built=&#8220;1&#8243; _builder_version=&#8220;4.27.4&#8243; _module_preset=&#8220;default&#8220; background_color=&#8220;#FAFAFA&#8220; background_enable_image=&#8220;off&#8220; global_colors_info=&#8220;{}&#8220;][et_pb_row column_structure=&#8220;1_2,1_2&#8243; make_equal=&#8220;on&#8220; _builder_version=&#8220;4.27.4&#8243; _module_preset=&#8220;default&#8220; width=&#8220;85%&#8220; max_width=&#8220;85%&#8220; custom_css_main_element=&#8220;align-items:center;&#8220; global_colors_info=&#8220;{}&#8220;][et_pb_column type=&#8220;1_2&#8243; _builder_version=&#8220;4.27.4&#8243; _module_preset=&#8220;default&#8220; animation_style=&#8220;fade&#8220; global_colors_info=&#8220;{}&#8220;][et_pb_text _builder_version=&#8220;4.27.4&#8243; _module_preset=&#8220;default&#8220; text_text_color=&#8220;#232323&#8243; text_font_size=&#8220;16px&#8220; header_3_font=&#8220;||||||||&#8220; header_3_text_color=&#8220;#000000&#8243; header_3_font_size=&#8220;28px&#8220; header_6_font=&#8220;Kaushan Script||||||||&#8220; header_6_font_size=&#8220;18px&#8220; global_colors_info=&#8220;{}&#8220;]<\/p>\n<h6>Tr\u00fcffeljagd in Istrien<\/h6>\n<h3>ISTRIEN &#8211; EIN PARADIES F\u00dcR TR\u00dcFFEL<\/h3>\n<p data-start=\"868\" data-end=\"1138\"><strong data-start=\"868\" data-end=\"877\">Istrien<\/strong> ist eines der bekanntesten und reichsten Tr\u00fcffelgebiete Europas. Besonders bekannt ist der <strong data-start=\"966\" data-end=\"985\">Motovun-Wald<\/strong>, der im Tal des Flusses Mirna liegt und dessen einzigartiges Mikroklima, spezifische Bodenzusammensetzung und hohe Feuchtigkeit ideale Bedingungen f\u00fcr das Wachstum erstklassiger Tr\u00fcffel bieten. <\/p>\n<p data-start=\"1140\" data-end=\"1340\">Hier wurden auch einige der gr\u00f6\u00dften Tr\u00fcffelexemplare der Welt gefunden, darunter einer, der 1999 als einer der gr\u00f6\u00dften je gefundenen wei\u00dfen Tr\u00fcffel ins <strong data-start=\"1255\" data-end=\"1285\">Guinness-Buch der Rekorde<\/strong> aufgenommen wurde. <\/p>\n<p>[\/et_pb_text][et_pb_button button_url=&#8220;https:\/\/tartufi-istra.com\/de\/ture\/&#8220; button_text=&#8220;TR\u00dcFFELJAGD RESERVIEREN&#8220; _builder_version=&#8220;4.27.6&#8243; _module_preset=&#8220;default&#8220; custom_button=&#8220;on&#8220; button_text_size=&#8220;18px&#8220; button_text_color=&#8220;#FFFFFF&#8220; button_bg_color=&#8220;#000000&#8243; button_use_icon=&#8220;off&#8220; button_text_size_tablet=&#8220;18px&#8220; button_text_size_phone=&#8220;16px&#8220; button_text_size_last_edited=&#8220;on|phone&#8220; global_colors_info=&#8220;{}&#8220; button_border_color__hover_enabled=&#8220;on|hover&#8220; button_border_color__hover=&#8220;#D1B77B&#8220;][\/et_pb_button][\/et_pb_column][et_pb_column type=&#8220;1_2&#8243; _builder_version=&#8220;4.27.4&#8243; _module_preset=&#8220;default&#8220; animation_style=&#8220;slide&#8220; animation_direction=&#8220;right&#8220; global_colors_info=&#8220;{}&#8220;][et_pb_image src=&#8220;https:\/\/tartufi-istra.com\/wp-content\/uploads\/2025\/06\/O-nama-1-1.jpg&#8220; alt=&#8220;Tr\u00fcffel-Istrien-Tr\u00fcffelarten&#8220; _builder_version=&#8220;4.27.4&#8243; _module_preset=&#8220;default&#8220; global_colors_info=&#8220;{}&#8220;][\/et_pb_image][\/et_pb_column][\/et_pb_row][\/et_pb_section][et_pb_section fb_built=&#8220;1&#8243; _builder_version=&#8220;4.27.4&#8243; _module_preset=&#8220;default&#8220; background_enable_color=&#8220;off&#8220; background_enable_image=&#8220;off&#8220; global_colors_info=&#8220;{}&#8220;][et_pb_row column_structure=&#8220;1_2,1_2&#8243; make_equal=&#8220;on&#8220; _builder_version=&#8220;4.27.4&#8243; _module_preset=&#8220;default&#8220; width=&#8220;85%&#8220; max_width=&#8220;85%&#8220; animation_style=&#8220;fade&#8220; custom_css_main_element=&#8220;align-items:center;&#8220; global_colors_info=&#8220;{}&#8220;][et_pb_column type=&#8220;1_2&#8243; _builder_version=&#8220;4.27.4&#8243; _module_preset=&#8220;default&#8220; global_colors_info=&#8220;{}&#8220;][et_pb_text _builder_version=&#8220;4.27.4&#8243; _module_preset=&#8220;default&#8220; text_text_color=&#8220;#232323&#8243; text_font_size=&#8220;16px&#8220; header_3_font=&#8220;||||||||&#8220; header_3_text_color=&#8220;#000000&#8243; header_3_font_size=&#8220;28px&#8220; header_6_font=&#8220;Kaushan Script||||||||&#8220; header_6_font_size=&#8220;18px&#8220; global_colors_info=&#8220;{}&#8220;]<\/p>\n<h3>Tuber Magnatum Pico &#8211; Wei\u00dfer Tr\u00fcffel<\/h3>\n<p data-start=\"299\" data-end=\"757\"><strong data-start=\"299\" data-end=\"322\">Tuber Magnatum Pico<\/strong>, bekannt als <strong data-start=\"335\" data-end=\"361\">wei\u00dfer istrischer Tr\u00fcffel<\/strong>, gilt als die wertvollste Tr\u00fcffelart der Welt. Seine Seltenheit, zarte Struktur und au\u00dfergew\u00f6hnlich starker, unverwechselbarer Geruch machen ihn zum H\u00f6hepunkt jeder Gastronomie. Das Aroma des wei\u00dfen Tr\u00fcffels ist vielschichtig und komplex &#8211; erdig, leicht knoblauchartig, mit Noten von Honig, fermentiertem K\u00e4se und milden Gew\u00fcrzt\u00f6nen. Frisch gerieben verwandelt der wei\u00dfe Tr\u00fcffel selbst das einfachste Gericht in ein kulinarisches Meisterwerk.   <\/p>\n<p data-start=\"759\" data-end=\"1266\">Er ist der wahre Star der Herbstsaison in Istrien, wenn jeden September die Jagdsaison auf den wei\u00dfen Tr\u00fcffel im Motovun-Wald beginnt. Dann kommen Tr\u00fcffelliebhaber aus der ganzen Welt nach Istrien, um das unvergleichliche Aroma des frischen wei\u00dfen Tr\u00fcffels zu erleben. Dieser kostbare Pilz passt perfekt zu einfachen Gerichten, die seinen raffinierten Duft hervorheben: hausgemachte istrische Nudeln (Fu\u017ei, Pljukanci), Spiegeleier, frisch gebackenes Brot mit Oliven\u00f6l, Fleisch- oder Fisch-Carpaccio und sogar einfaches Kartoffelp\u00fcree.  <\/p>\n<p data-start=\"1268\" data-end=\"1421\">Die Saison des wei\u00dfen Tr\u00fcffels dauert vom  <strong data-start=\"1300\" data-end=\"1328\">1. September bis zum 31. Dezember <\/strong>, und gerade der Herbst und der Winteranfang sind die Zeit, in der der Tr\u00fcffel sein volles aromatisches Potenzial entwickelt.<\/p>\n<p>[\/et_pb_text][et_pb_button button_url=&#8220;https:\/\/tartufi-istra.com\/de\/webshop\/frische-trueffel\/&#8220; button_text=&#8220;JETZT KAUFEN&#8220; button_alignment=&#8220;left&#8220; _builder_version=&#8220;4.27.4&#8243; _module_preset=&#8220;default&#8220; custom_button=&#8220;on&#8220; button_text_size=&#8220;18px&#8220; button_text_color=&#8220;#FFFFFF&#8220; button_bg_color=&#8220;#000000&#8243; button_use_icon=&#8220;off&#8220; global_colors_info=&#8220;{}&#8220; button_border_color__hover_enabled=&#8220;on|hover&#8220; button_border_color__hover=&#8220;#D1B77B&#8220;][\/et_pb_button][\/et_pb_column][et_pb_column type=&#8220;1_2&#8243; _builder_version=&#8220;4.27.4&#8243; _module_preset=&#8220;default&#8220; global_colors_info=&#8220;{}&#8220;][et_pb_image src=&#8220;https:\/\/tartufi-istra.com\/wp-content\/uploads\/2025\/06\/bijeli-tartuf.jpg&#8220; alt=&#8220;wei\u00dfer Tr\u00fcffel&#8220; _builder_version=&#8220;4.27.4&#8243; _module_preset=&#8220;default&#8220; global_colors_info=&#8220;{}&#8220;][\/et_pb_image][\/et_pb_column][\/et_pb_row][et_pb_row column_structure=&#8220;1_2,1_2&#8243; make_equal=&#8220;on&#8220; _builder_version=&#8220;4.27.4&#8243; _module_preset=&#8220;default&#8220; width=&#8220;85%&#8220; max_width=&#8220;85%&#8220; custom_margin=&#8220;40px||||false|false&#8220; animation_style=&#8220;fade&#8220; custom_css_main_element=&#8220;align-items:center;&#8220; global_colors_info=&#8220;{}&#8220;][et_pb_column type=&#8220;1_2&#8243; _builder_version=&#8220;4.27.4&#8243; _module_preset=&#8220;default&#8220; global_colors_info=&#8220;{}&#8220;][et_pb_text _builder_version=&#8220;4.27.4&#8243; _module_preset=&#8220;default&#8220; text_text_color=&#8220;#232323&#8243; text_font_size=&#8220;16px&#8220; header_3_font=&#8220;||||||||&#8220; header_3_text_color=&#8220;#000000&#8243; header_3_font_size=&#8220;28px&#8220; header_6_font=&#8220;Kaushan Script||||||||&#8220; header_6_font_size=&#8220;18px&#8220; global_colors_info=&#8220;{}&#8220;]<\/p>\n<h3>Tuber Melanosporum &#8211; Schwarzer Edel-Tr\u00fcffel<\/h3>\n<p data-start=\"1500\" data-end=\"1906\"><strong data-start=\"1500\" data-end=\"1522\">Tuber Melanosporum<\/strong>, auch bekannt als <strong data-start=\"1537\" data-end=\"1569\">schwarzer Winter-Edeltr\u00fcffel<\/strong>, ist der zweitwertvollste Schatz der istrischen Tr\u00fcffelszene. Im Gegensatz zum wei\u00dfen Tr\u00fcffel hat der schwarze Edeltr\u00fcffel eine kompaktere und festere Struktur, eine dunkelbraune, fast schwarze Farbe mit einer feinen wei\u00dfen netzartigen Textur im Inneren. Sein Geruch ist kr\u00e4ftig, warm, nussig, leicht s\u00fc\u00dflich-haselnussartig, mit Ankl\u00e4ngen von Schokolade und Waldboden.  <\/p>\n<p data-start=\"1908\" data-end=\"2195\">Diese Tr\u00fcffelart wird von professionellen K\u00f6chen besonders gesch\u00e4tzt, da sie eine leichte W\u00e4rmebehandlung vertr\u00e4gt und dadurch den Reichtum ihrer Aromen zus\u00e4tzlich freisetzt. Sie kombiniert ideal mit Pasta, cremigen Risottos, Fleisch, Eiern und sogar Desserts wie Schokoladenmousse. <\/p>\n<p data-start=\"2197\" data-end=\"2454\">Die Saison f\u00fcr die Ernte des schwarzen Edeltr\u00fcffels dauert von <strong data-start=\"2245\" data-end=\"2267\">Dezember bis M\u00e4rz<\/strong>, wenn der feuchte Winterboden des Motovun-Waldes optimale Bedingungen f\u00fcr seine Entwicklung bietet. Gerade wegen seiner Verf\u00fcgbarkeit in den k\u00e4lteren Monaten bringt der schwarze Edeltr\u00fcffel W\u00e4rme in die Wintergerichte. <\/p>\n<p>[\/et_pb_text][et_pb_button button_url=&#8220;https:\/\/tartufi-istra.com\/de\/webshop\/frische-trueffel\/&#8220; button_text=&#8220;JETZT KAUFEN&#8220; _builder_version=&#8220;4.27.4&#8243; _module_preset=&#8220;default&#8220; custom_button=&#8220;on&#8220; button_text_size=&#8220;18px&#8220; button_text_color=&#8220;#FFFFFF&#8220; button_bg_color=&#8220;#000000&#8243; button_use_icon=&#8220;off&#8220; global_colors_info=&#8220;{}&#8220; button_border_color__hover_enabled=&#8220;on|hover&#8220; button_border_color__hover=&#8220;#D1B77B&#8220;][\/et_pb_button][\/et_pb_column][et_pb_column type=&#8220;1_2&#8243; _builder_version=&#8220;4.27.4&#8243; _module_preset=&#8220;default&#8220; global_colors_info=&#8220;{}&#8220;][et_pb_image src=&#8220;https:\/\/tartufi-istra.com\/wp-content\/uploads\/2025\/06\/Zimski-tartuf-Melanosporum.jpg&#8220; alt=&#8220;Winter-Tr\u00fcffel Melanosporum&#8220; _builder_version=&#8220;4.27.4&#8243; _module_preset=&#8220;default&#8220; global_colors_info=&#8220;{}&#8220;][\/et_pb_image][\/et_pb_column][\/et_pb_row][et_pb_row column_structure=&#8220;1_2,1_2&#8243; make_equal=&#8220;on&#8220; _builder_version=&#8220;4.27.4&#8243; _module_preset=&#8220;default&#8220; width=&#8220;85%&#8220; max_width=&#8220;85%&#8220; custom_margin=&#8220;40px||||false|false&#8220; animation_style=&#8220;fade&#8220; custom_css_main_element=&#8220;align-items:center;&#8220; global_colors_info=&#8220;{}&#8220;][et_pb_column type=&#8220;1_2&#8243; _builder_version=&#8220;4.27.4&#8243; _module_preset=&#8220;default&#8220; global_colors_info=&#8220;{}&#8220;][et_pb_text _builder_version=&#8220;4.27.4&#8243; _module_preset=&#8220;default&#8220; text_text_color=&#8220;#232323&#8243; text_font_size=&#8220;16px&#8220; header_3_font=&#8220;||||||||&#8220; header_3_text_color=&#8220;#000000&#8243; header_3_font_size=&#8220;28px&#8220; header_6_font=&#8220;Kaushan Script||||||||&#8220; header_6_font_size=&#8220;18px&#8220; global_colors_info=&#8220;{}&#8220;]<\/p>\n<h3>Tuber Aestivum &#8211; Sommer-Schwarztr\u00fcffel<\/h3>\n<p data-start=\"2536\" data-end=\"2908\"><strong data-start=\"2536\" data-end=\"2554\">Tuber Aestivum<\/strong>, besser bekannt als <strong data-start=\"2570\" data-end=\"2592\">Sommer-Schwarztr\u00fcffel<\/strong> oder <strong data-start=\"2597\" data-end=\"2609\">Scorzone<\/strong>, ist der h\u00e4ufigste und zug\u00e4nglichste Tr\u00fcffel in Istrien. Er zeichnet sich durch eine schwarze raue Au\u00dfenfl\u00e4che und ein hellbraunes Inneres mit ausgepr\u00e4gten wei\u00dfen Adern aus. Sein Geruch ist deutlich milder und subtiler als der des wei\u00dfen und des Winter-Schwarztr\u00fcffels &#8211; leicht nussig, frisch, mit sanften Aromen von Waldboden und Haselnuss.  <\/p>\n<p data-start=\"2910\" data-end=\"3278\">Gerade wegen seines milden Aromas ist der Sommer-Schwarztr\u00fcffel perfekt f\u00fcr den t\u00e4glichen kulinarischen Gebrauch. Er kann roh verwendet werden, leicht \u00fcber bereits fertige Gerichte gerieben, aber auch leicht erw\u00e4rmt werden, um seine Aromen zu verst\u00e4rken. Am h\u00e4ufigsten finden wir ihn in leichten Sommergerichten: Salaten, leichter Pasta, Carpaccio, Frischk\u00e4se und sogar als Belag auf Tr\u00fcffelpizzen.  <\/p>\n<p data-start=\"3280\" data-end=\"3471\">Der Sommertr\u00fcffel ist in den W\u00e4ldern Istriens von <strong data-start=\"3324\" data-end=\"3344\">Mai bis September<\/strong> pr\u00e4sent, was Tr\u00fcffelliebhabern erm\u00f6glicht, seinen frischen Geschmack auch in den w\u00e4rmeren Monaten zu genie\u00dfen, wenn andere Arten nicht verf\u00fcgbar sind.<\/p>\n<p>[\/et_pb_text][et_pb_button button_url=&#8220;https:\/\/tartufi-istra.com\/de\/webshop\/frische-trueffel\/&#8220; button_text=&#8220;JETZT KAUFEN&#8220; _builder_version=&#8220;4.27.4&#8243; _module_preset=&#8220;default&#8220; custom_button=&#8220;on&#8220; button_text_size=&#8220;18px&#8220; button_text_color=&#8220;#FFFFFF&#8220; button_bg_color=&#8220;#000000&#8243; button_use_icon=&#8220;off&#8220; global_colors_info=&#8220;{}&#8220; button_border_color__hover_enabled=&#8220;on|hover&#8220; button_border_color__hover=&#8220;#D1B77B&#8220;][\/et_pb_button][\/et_pb_column][et_pb_column type=&#8220;1_2&#8243; _builder_version=&#8220;4.27.4&#8243; _module_preset=&#8220;default&#8220; global_colors_info=&#8220;{}&#8220;][et_pb_image src=&#8220;https:\/\/tartufi-istra.com\/wp-content\/uploads\/2025\/06\/crni-ljetni-tartufi.jpg&#8220; alt=&#8220;schwarze Sommertr\u00fcffel&#8220; _builder_version=&#8220;4.27.4&#8243; _module_preset=&#8220;default&#8220; global_colors_info=&#8220;{}&#8220;][\/et_pb_image][\/et_pb_column][\/et_pb_row][et_pb_row column_structure=&#8220;1_2,1_2&#8243; make_equal=&#8220;on&#8220; _builder_version=&#8220;4.27.4&#8243; _module_preset=&#8220;default&#8220; width=&#8220;85%&#8220; max_width=&#8220;85%&#8220; custom_margin=&#8220;40px||||false|false&#8220; animation_style=&#8220;fade&#8220; custom_css_main_element=&#8220;align-items:center;&#8220; global_colors_info=&#8220;{}&#8220;][et_pb_column type=&#8220;1_2&#8243; _builder_version=&#8220;4.27.4&#8243; _module_preset=&#8220;default&#8220; global_colors_info=&#8220;{}&#8220;][et_pb_text _builder_version=&#8220;4.27.4&#8243; _module_preset=&#8220;default&#8220; text_text_color=&#8220;#232323&#8243; text_font_size=&#8220;16px&#8220; header_3_font=&#8220;||||||||&#8220; header_3_text_color=&#8220;#000000&#8243; header_3_font_size=&#8220;28px&#8220; header_6_font=&#8220;Kaushan Script||||||||&#8220; header_6_font_size=&#8220;18px&#8220; global_colors_info=&#8220;{}&#8220;]<\/p>\n<h3>Tuber Uncinatum &#8211; Herbst-Schwarztr\u00fcffel<\/h3>\n<p data-start=\"3558\" data-end=\"3924\"><strong data-start=\"3558\" data-end=\"3577\">Tuber Uncinatum<\/strong>, bekannt als <strong data-start=\"3590\" data-end=\"3614\">Herbst-Schwarztr\u00fcffel<\/strong>, ist dem Sommertr\u00fcffel sehr \u00e4hnlich, hat jedoch ein intensiveres Aroma und eine tiefere, komplexere Geschmacksstruktur. Sein Inneres ist dunkler und voller, mit ausgepr\u00e4gteren wei\u00dfen Adern, und sein Aroma erinnert an eine Kombination aus Sommer- und Winter-Edeltr\u00fcffel, mit ausgepr\u00e4gten erdigen, nussigen und leicht pilzigen T\u00f6nen. <\/p>\n<p data-start=\"3926\" data-end=\"4287\">Diese Tr\u00fcffelart ist ideal f\u00fcr die herbstliche \u00dcbergangszeit, wenn die Temperaturen sinken und die Natur in ihre reicheren, w\u00e4rmeren Geschm\u00e4cker \u00fcbergeht. Der Herbst-Schwarztr\u00fcffel eignet sich hervorragend f\u00fcr K\u00fcrbiscremesuppen, Nudelsaucen, Pilzgerichte, Omeletts und warme Vorspeisen. Besonders gut kommt er in Kombination mit aromatischem istrischen Oliven\u00f6l und hausgemachtem K\u00e4se zur Geltung.  <\/p>\n<p data-start=\"4289\" data-end=\"4436\">Die Erntezeit des Herbst-Schwarztr\u00fcffels dauert von <strong data-start=\"4335\" data-end=\"4366\">Oktober bis Ende Januar<\/strong> und bietet eine gastronomische Verbindung zwischen Sommer und kalter Wintersaison.<\/p>\n<p>[\/et_pb_text][et_pb_button button_url=&#8220;https:\/\/tartufi-istra.com\/de\/webshop\/frische-trueffel\/&#8220; button_text=&#8220;JETZT KAUFEN&#8220; _builder_version=&#8220;4.27.4&#8243; _module_preset=&#8220;default&#8220; custom_button=&#8220;on&#8220; button_text_size=&#8220;18px&#8220; button_text_color=&#8220;#FFFFFF&#8220; button_bg_color=&#8220;#000000&#8243; button_use_icon=&#8220;off&#8220; global_colors_info=&#8220;{}&#8220; button_border_color__hover_enabled=&#8220;on|hover&#8220; button_border_color__hover=&#8220;#D1B77B&#8220;][\/et_pb_button][\/et_pb_column][et_pb_column type=&#8220;1_2&#8243; _builder_version=&#8220;4.27.4&#8243; _module_preset=&#8220;default&#8220; global_colors_info=&#8220;{}&#8220;][et_pb_image src=&#8220;https:\/\/tartufi-istra.com\/wp-content\/uploads\/2025\/06\/Jesenji-tartuf-unicantum-2.jpg&#8220; title_text=&#8220;Herbsttr\u00fcffel Uncinatum 2&#8243; _builder_version=&#8220;4.27.4&#8243; _module_preset=&#8220;default&#8220; global_colors_info=&#8220;{}&#8220;][\/et_pb_image][\/et_pb_column][\/et_pb_row][\/et_pb_section][et_pb_section fb_built=&#8220;1&#8243; _builder_version=&#8220;4.27.4&#8243; _module_preset=&#8220;default&#8220; global_colors_info=&#8220;{}&#8220;][et_pb_row column_structure=&#8220;1_2,1_2&#8243; use_custom_gutter=&#8220;on&#8220; gutter_width=&#8220;1&#8243; make_equal=&#8220;on&#8220; _builder_version=&#8220;4.27.4&#8243; _module_preset=&#8220;default&#8220; width=&#8220;100%&#8220; max_width=&#8220;100%&#8220; global_colors_info=&#8220;{}&#8220;][et_pb_column type=&#8220;1_2&#8243; _builder_version=&#8220;4.27.4&#8243; _module_preset=&#8220;default&#8220; global_colors_info=&#8220;{}&#8220;][et_pb_image src=&#8220;https:\/\/tartufi-istra.com\/wp-content\/uploads\/2025\/06\/Tartufi-Istra-Web-2025-88-scaled.jpg&#8220; alt=&#8220;tr\u00fcffel-istrien-in-der-erde&#8220; _builder_version=&#8220;4.27.4&#8243; _module_preset=&#8220;default&#8220; global_colors_info=&#8220;{}&#8220;][\/et_pb_image][\/et_pb_column][et_pb_column type=&#8220;1_2&#8243; _builder_version=&#8220;4.27.4&#8243; _module_preset=&#8220;default&#8220; global_colors_info=&#8220;{}&#8220;][et_pb_image src=&#8220;https:\/\/tartufi-istra.com\/wp-content\/uploads\/2025\/06\/Tartufi-Istra-Web-2025-52-scaled.jpg&#8220; alt=&#8220;tr\u00fcffel-istrien&#8220; _builder_version=&#8220;4.27.4&#8243; _module_preset=&#8220;default&#8220; global_colors_info=&#8220;{}&#8220;][\/et_pb_image][\/et_pb_column][\/et_pb_row][\/et_pb_section][et_pb_section fb_built=&#8220;1&#8243; _builder_version=&#8220;4.27.4&#8243; _module_preset=&#8220;default&#8220; background_color=&#8220;#151515&#8243; global_colors_info=&#8220;{}&#8220;][et_pb_row column_structure=&#8220;1_2,1_2&#8243; make_equal=&#8220;on&#8220; _builder_version=&#8220;4.27.4&#8243; _module_preset=&#8220;default&#8220; width=&#8220;85%&#8220; max_width=&#8220;85%&#8220; animation_style=&#8220;slide&#8220; custom_css_main_element=&#8220;align-items:center;&#8220; global_colors_info=&#8220;{}&#8220;][et_pb_column type=&#8220;1_2&#8243; _builder_version=&#8220;4.27.4&#8243; _module_preset=&#8220;default&#8220; global_colors_info=&#8220;{}&#8220;][et_pb_text _builder_version=&#8220;4.27.4&#8243; _module_preset=&#8220;default&#8220; text_text_color=&#8220;#FFFFFF&#8220; text_font_size=&#8220;16px&#8220; header_3_font=&#8220;||||||||&#8220; header_3_text_color=&#8220;#FFFFFF&#8220; header_3_font_size=&#8220;28px&#8220; header_6_font=&#8220;Kaushan Script||||||||&#8220; header_6_text_color=&#8220;#D1B77B&#8220; header_6_font_size=&#8220;18px&#8220; global_colors_info=&#8220;{}&#8220;]<\/p>\n<h6>Tausende Jahre in Istrien<\/h6>\n<h3>GESCHICHTE DER TR\u00dcFFEL<\/h3>\n<p data-start=\"3028\" data-end=\"3268\"><strong data-start=\"3028\" data-end=\"3039\">Tr\u00fcffel<\/strong> sind seit Jahrtausenden in der menschlichen Geschichte pr\u00e4sent. Sie waren bereits den Babyloniern und R\u00f6mern bekannt und gesch\u00e4tzt. Die alten R\u00f6mer glaubten, dass Tr\u00fcffel aphrodisierende Eigenschaften besitzen, und servierten sie bei \u00fcppigen Festmahlen der Patrizier.  <\/p>\n<p data-start=\"3270\" data-end=\"3697\">Im 14. Jahrhundert werden Tr\u00fcffel in der europ\u00e4ischen Literatur ernsthafter erw\u00e4hnt, und einen bedeutenden Beitrag zu ihrer Erforschung leistete der franz\u00f6sische Botaniker <strong data-start=\"3409\" data-end=\"3440\">Joseph Pitton de Tournefort<\/strong>. Das erste Buch \u00fcber Tr\u00fcffel erscheint Anfang des 18. Jahrhunderts (Alfonso Ciccarelli), w\u00e4hrend die wissenschaftliche Klassifizierung der Tr\u00fcffel im 19. Jahrhundert dank der Arbeiten des italienischen Mykologen <strong data-start=\"3631\" data-end=\"3652\">Carlo Vittadini<\/strong> und der franz\u00f6sischen Wissenschaftler <strong data-start=\"3679\" data-end=\"3696\">Gebr\u00fcder Tulasne<\/strong> begann.    <\/p>\n<p data-start=\"3699\" data-end=\"4054\"><strong data-start=\"3699\" data-end=\"3722\">Der Wiener Kongress 1815<\/strong>  war das erste historische Ereignis, bei dem Tr\u00fcffel offiziell bei einem Staatsbankett serviert wurden, womit ihre aufsteigende Karriere in der Weltgastronomie begann. Heute sind Tr\u00fcffel eine unverzichtbare Delikatesse auf den Men\u00fcs der prestigetr\u00e4chtigsten Restaurants weltweit, und <strong data-start=\"3977\" data-end=\"3997\">istrische Tr\u00fcffel<\/strong> sind zum Synonym f\u00fcr h\u00f6chste Qualit\u00e4t und Authentizit\u00e4t geworden. <\/p>\n<p>[\/et_pb_text][\/et_pb_column][et_pb_column type=&#8220;1_2&#8243; _builder_version=&#8220;4.27.4&#8243; _module_preset=&#8220;default&#8220; global_colors_info=&#8220;{}&#8220;][et_pb_image src=&#8220;https:\/\/tartufi-istra.com\/wp-content\/uploads\/2025\/06\/tartufi-istra-katalog.jpg&#8220; alt=&#8220;tr\u00fcffel-istrien-katalog&#8220; _builder_version=&#8220;4.27.4&#8243; _module_preset=&#8220;default&#8220; global_colors_info=&#8220;{}&#8220;][\/et_pb_image][\/et_pb_column][\/et_pb_row][\/et_pb_section][et_pb_section fb_built=&#8220;1&#8243; _builder_version=&#8220;4.27.4&#8243; _module_preset=&#8220;default&#8220; background_enable_color=&#8220;off&#8220; global_colors_info=&#8220;{}&#8220;][et_pb_row _builder_version=&#8220;4.27.4&#8243; _module_preset=&#8220;default&#8220; global_colors_info=&#8220;{}&#8220;][et_pb_column type=&#8220;4_4&#8243; _builder_version=&#8220;4.27.4&#8243; _module_preset=&#8220;default&#8220; global_colors_info=&#8220;{}&#8220;][et_pb_heading title=&#8220;ENTDECKEN SIE FRISCHE TR\u00dcFFEL&#8220; _builder_version=&#8220;4.27.4&#8243; _module_preset=&#8220;default&#8220; title_level=&#8220;h2&#8243; title_font=&#8220;|300|||||||&#8220; title_text_color=&#8220;#000000&#8243; title_font_size=&#8220;32px&#8220; global_colors_info=&#8220;{}&#8220;][\/et_pb_heading][\/et_pb_column][\/et_pb_row][et_pb_row _builder_version=&#8220;4.27.4&#8243; _module_preset=&#8220;default&#8220; global_colors_info=&#8220;{}&#8220;][et_pb_column type=&#8220;4_4&#8243; _builder_version=&#8220;4.27.4&#8243; _module_preset=&#8220;default&#8220; global_colors_info=&#8220;{}&#8220;][et_pb_shop type=&#8220;product_category&#8220; include_categories=&#8220;57&#8243; columns_number=&#8220;4&#8243; icon_hover_color=&#8220;#D1B77B&#8220; show_rating=&#8220;off&#8220; _builder_version=&#8220;4.27.4&#8243; _module_preset=&#8220;default&#8220; title_font_size=&#8220;18px&#8220; price_text_color=&#8220;#232323&#8243; price_font_size=&#8220;16px&#8220; global_colors_info=&#8220;{}&#8220;][\/et_pb_shop][\/et_pb_column][\/et_pb_row][\/et_pb_section][et_pb_section fb_built=&#8220;1&#8243; _builder_version=&#8220;4.27.4&#8243; _module_preset=&#8220;default&#8220; custom_padding=&#8220;0px|||||&#8220; global_colors_info=&#8220;{}&#8220;][et_pb_row _builder_version=&#8220;4.27.4&#8243; _module_preset=&#8220;default&#8220; global_colors_info=&#8220;{}&#8220;][et_pb_column type=&#8220;4_4&#8243; _builder_version=&#8220;4.27.4&#8243; _module_preset=&#8220;default&#8220; global_colors_info=&#8220;{}&#8220;][et_pb_text _builder_version=&#8220;4.27.6&#8243; _module_preset=&#8220;default&#8220; text_text_color=&#8220;#232323&#8243; text_font_size=&#8220;16px&#8220; header_3_font=&#8220;||||||||&#8220; header_3_text_align=&#8220;center&#8220; header_3_text_color=&#8220;#000000&#8243; header_3_font_size=&#8220;28px&#8220; header_6_font=&#8220;Kaushan Script||||||||&#8220; header_6_font_size=&#8220;18px&#8220; text_orientation=&#8220;center&#8220; hover_enabled=&#8220;0&#8243; global_colors_info=&#8220;{}&#8220; link_text_color=&#8220;#000000&#8243; sticky_enabled=&#8220;0&#8243;]<\/p>\n<h3>VERKOSTUNG UND TR\u00dcFFELJAGD<\/h3>\n<p data-start=\"246\" data-end=\"635\">Heute ist Istrien, neben dem Piemont in Italien und dem S\u00fcden Frankreichs, eines der wichtigsten Tr\u00fcffelgebiete der Welt. Der <strong data-start=\"4206\" data-end=\"4225\">Motovun-Wald<\/strong> tr\u00e4gt zu Recht den Beinamen <strong data-start=\"4247\" data-end=\"4278\">\u201ekroatisches Mekka f\u00fcr Tr\u00fcffel\u201c<\/strong> und zieht Liebhaber der Gastronomie, K\u00f6che, Feinschmecker und Abenteurer aus der ganzen Welt an.<\/p>\n<p data-start=\"4430\" data-end=\"4632\">Wenn Sie die ganze Geschichte der Tr\u00fcffel erleben m\u00f6chten, laden wir Sie zur <strong data-start=\"4493\" data-end=\"4511\">Tr\u00fcffeljagd<\/strong> im Motovun-Wald und zur <strong data-start=\"4534\" data-end=\"4580\">Verkostung erstklassiger Tr\u00fcffelprodukte<\/strong> in unseren Verkostungsr\u00e4umen in Motovun, Rovinj und Pore\u010d ein. Von frisch geriebenen wei\u00dfen Tr\u00fcffeln \u00fcber cremige Aufstriche, K\u00e4se, Oliven\u00f6l bis hin zu erstklassigen Salami und Wein &#8211; das Unternehmen <strong data-start=\"4741\" data-end=\"4758\">Tartufi Istra<\/strong> bietet Ihnen die M\u00f6glichkeit, die authentischen Geschm\u00e4cker Istriens direkt von der Quelle zu kosten.<\/p>\n<p>Mehr \u00fcber Tr\u00fcffel in Istrien erfahren Sie hier: <strong><a href=\"https:\/\/www.istra.hr\/de\/gourmet\/trueffel\">Offizielle Tr\u00fcffel Infos<\/a>.<\/strong><\/p>\n<p>[\/et_pb_text][et_pb_image src=&#8220;https:\/\/tartufi-istra.com\/wp-content\/uploads\/2025\/06\/o-nama-3.jpg&#8220; alt=&#8220;tr\u00fcffel-verkostung-in-istrien&#8220; _builder_version=&#8220;4.27.4&#8243; _module_preset=&#8220;default&#8220; global_colors_info=&#8220;{}&#8220;][\/et_pb_image][\/et_pb_column][\/et_pb_row][\/et_pb_section]<\/p>\n","protected":false},"excerpt":{"rendered":"<p>Tr\u00fcffel Istrien TR\u00dcFFEL IN ISTRIEN Tr\u00fcffel in Istrien geh\u00f6ren zu den wertvollsten Delikatessen der Welt und wachsen vor allem im ber\u00fchmten Motovun-Wald.WAS SIND TR\u00dcFFEL? Tr\u00fcffel sind eine besondere Art unterirdischer Pilze, die unter der Erdoberfl\u00e4che in einer Tiefe von 5 bis 30 Zentimetern wachsen. Ihr nat\u00fcrlicher Lebensraum sind feuchte und n\u00e4hrstoffreiche B\u00f6den, reich an Humus,&hellip;<\/p>\n","protected":false},"author":1,"featured_media":1617,"parent":0,"menu_order":0,"comment_status":"closed","ping_status":"closed","template":"","meta":{"_et_pb_use_builder":"on","_et_pb_old_content":"","_et_gb_content_width":"","footnotes":""},"class_list":["post-2009","page","type-page","status-publish","has-post-thumbnail","hentry"],"aioseo_notices":[],"_links":{"self":[{"href":"https:\/\/tartufi-istra.com\/de\/wp-json\/wp\/v2\/pages\/2009","targetHints":{"allow":["GET"]}}],"collection":[{"href":"https:\/\/tartufi-istra.com\/de\/wp-json\/wp\/v2\/pages"}],"about":[{"href":"https:\/\/tartufi-istra.com\/de\/wp-json\/wp\/v2\/types\/page"}],"author":[{"embeddable":true,"href":"https:\/\/tartufi-istra.com\/de\/wp-json\/wp\/v2\/users\/1"}],"replies":[{"embeddable":true,"href":"https:\/\/tartufi-istra.com\/de\/wp-json\/wp\/v2\/comments?post=2009"}],"version-history":[{"count":7,"href":"https:\/\/tartufi-istra.com\/de\/wp-json\/wp\/v2\/pages\/2009\/revisions"}],"predecessor-version":[{"id":5448,"href":"https:\/\/tartufi-istra.com\/de\/wp-json\/wp\/v2\/pages\/2009\/revisions\/5448"}],"wp:featuredmedia":[{"embeddable":true,"href":"https:\/\/tartufi-istra.com\/de\/wp-json\/wp\/v2\/media\/1617"}],"wp:attachment":[{"href":"https:\/\/tartufi-istra.com\/de\/wp-json\/wp\/v2\/media?parent=2009"}],"curies":[{"name":"wp","href":"https:\/\/api.w.org\/{rel}","templated":true}]}}