{"id":2080,"date":"2025-06-10T10:39:46","date_gmt":"2025-06-10T10:39:46","guid":{"rendered":"https:\/\/tartufi-istra.com\/proizvodi\/unkategorisiert\/schwarzer-sommertrueffel-tuber-aestivum\/"},"modified":"2026-04-08T21:27:34","modified_gmt":"2026-04-08T21:27:34","slug":"schwarzer-sommertrueffel-tuber-aestivum","status":"publish","type":"product","link":"https:\/\/tartufi-istra.com\/de\/webshop\/frische-truffel\/schwarzer-sommertrueffel-tuber-aestivum\/","title":{"rendered":"Schwarzer Sommertr\u00fcffel \u2013 Tuber aestivum"},"content":{"rendered":"<p>[et_pb_section fb_built=&#8220;1&#8243; _builder_version=&#8220;4.16&#8243; custom_padding=&#8220;0px||||false|false&#8220; global_colors_info=&#8220;{}&#8220;][et_pb_row _builder_version=&#8220;4.16&#8243; background_size=&#8220;initial&#8220; background_position=&#8220;top_left&#8220; background_repeat=&#8220;repeat&#8220; width=&#8220;100%&#8220; custom_padding=&#8220;0px||0px||false|false&#8220; global_colors_info=&#8220;{}&#8220;][et_pb_column type=&#8220;4_4&#8243; _builder_version=&#8220;4.16&#8243; custom_padding=&#8220;|||&#8220; global_colors_info=&#8220;{}&#8220; custom_padding__hover=&#8220;|||&#8220;][et_pb_wc_breadcrumb _builder_version=&#8220;4.16&#8243; global_colors_info=&#8220;{}&#8220;][\/et_pb_wc_breadcrumb][et_pb_wc_cart_notice _builder_version=&#8220;4.27.4&#8243; global_colors_info=&#8220;{}&#8220;][\/et_pb_wc_cart_notice][\/et_pb_column][\/et_pb_row][et_pb_row column_structure=&#8220;1_2,1_2&#8243; _builder_version=&#8220;4.16&#8243; background_size=&#8220;initial&#8220; background_position=&#8220;top_left&#8220; background_repeat=&#8220;repeat&#8220; width=&#8220;100%&#8220; custom_padding=&#8220;0px||||false|false&#8220; global_colors_info=&#8220;{}&#8220;][et_pb_column type=&#8220;1_2&#8243; _builder_version=&#8220;4.16&#8243; custom_padding=&#8220;|||&#8220; global_colors_info=&#8220;{}&#8220; custom_padding__hover=&#8220;|||&#8220;][et_pb_wc_images _builder_version=&#8220;4.27.4&#8243; global_colors_info=&#8220;{}&#8220;][\/et_pb_wc_images][\/et_pb_column][et_pb_column type=&#8220;1_2&#8243; _builder_version=&#8220;4.16&#8243; custom_padding=&#8220;|||&#8220; global_colors_info=&#8220;{}&#8220; custom_padding__hover=&#8220;|||&#8220;][et_pb_wc_title _builder_version=&#8220;4.27.4&#8243; global_colors_info=&#8220;{}&#8220;][\/et_pb_wc_title][et_pb_wc_rating _builder_version=&#8220;4.16&#8243; global_colors_info=&#8220;{}&#8220;][\/et_pb_wc_rating][et_pb_wc_price _builder_version=&#8220;4.16&#8243; global_colors_info=&#8220;{}&#8220;][\/et_pb_wc_price][et_pb_wc_description _builder_version=&#8220;4.27.4&#8243; global_colors_info=&#8220;{}&#8220;][\/et_pb_wc_description][et_pb_wc_add_to_cart _builder_version=&#8220;4.16&#8243; global_colors_info=&#8220;{}&#8220;][\/et_pb_wc_add_to_cart][et_pb_wc_meta _builder_version=&#8220;4.16&#8243; global_colors_info=&#8220;{}&#8220;][\/et_pb_wc_meta][\/et_pb_column][\/et_pb_row][et_pb_row _builder_version=&#8220;4.16&#8243; background_size=&#8220;initial&#8220; background_position=&#8220;top_left&#8220; background_repeat=&#8220;repeat&#8220; width=&#8220;100%&#8220; global_colors_info=&#8220;{}&#8220;][et_pb_column type=&#8220;4_4&#8243; _builder_version=&#8220;4.16&#8243; custom_padding=&#8220;|||&#8220; global_colors_info=&#8220;{}&#8220; custom_padding__hover=&#8220;|||&#8220;][et_pb_wc_tabs _builder_version=&#8220;4.27.4&#8243; global_colors_info=&#8220;{}&#8220;]\t\t\t\t\t[\/et_pb_wc_tabs][et_pb_wc_upsells _builder_version=&#8220;4.16&#8243; global_colors_info=&#8220;{}&#8220;][\/et_pb_wc_upsells][et_pb_wc_related_products _builder_version=&#8220;4.16&#8243; global_colors_info=&#8220;{}&#8220;][\/et_pb_wc_related_products][\/et_pb_column][\/et_pb_row][\/et_pb_section]<\/p>\n","protected":false},"excerpt":{"rendered":"<div class=\"woocommerce-product-details__short-description\">\n<p>Der <strong>Schwarze Sommertr\u00fcffel (Tuber Aestivum)<\/strong> ist der <strong>am weitesten verbreitete istrische Tr\u00fcffel<\/strong>, gesch\u00e4tzt f\u00fcr seine <strong>Zug\u00e4nglichkeit und vielseitige Anwendung<\/strong> in der K\u00fcche. Obwohl er einen milderen Geruch hat, ist sein <strong>delikater erdiger Geschmack<\/strong> ideal zur Verfeinerung von Gerichten, besonders wenn er leicht erw\u00e4rmt wird. Er kann <strong>roh, \u00fcber warme Gerichte gerieben<\/strong> verwendet werden, oder sein Aroma wird durch leichtes Erw\u00e4rmen verst\u00e4rkt. Bringen Sie den <strong>authentischen Geschmack Istriens<\/strong> in Ihre K\u00fcche mit diesem beliebten Sommertr\u00fcffel!   <\/p>\n<\/div>\n<form class=\"variations_form cart\" style=\"box-sizing: inherit; -webkit-tap-highlight-color: rgba(0, 0, 0, 0); margin: 0px 0px 30px; padding: 0px; color: #545454; font-family: Radnika, -apple-system, 'system-ui', Arial, Helvetica, 'Helvetica Neue', Verdana, sans-serif; font-size: 16px; font-style: normal; font-variant-ligatures: normal; font-variant-caps: normal; font-weight: 400; letter-spacing: normal; orphans: 2; text-align: start; text-indent: 0px; text-transform: none; widows: 2; word-spacing: 0px; -webkit-text-stroke-width: 0px; white-space: normal; background-color: #ffffff; text-decoration-thickness: initial; text-decoration-style: initial; text-decoration-color: initial;\" action=\"https:\/\/tartufi-istra.com\/proizvod\/crni-ljetni-tartuf-tuber-aestivum\/\" enctype=\"multipart\/form-data\" method=\"post\" data-product_id=\"3931\" data-product_variations=\"[{\"attributes\":{\"attribute_pa_klasa\":\"15-100g\",\"attribute_pa_pakiranje\":\"1000g\"},\"availability_html\":\"\",\"backorders_allowed\":false,\"dimensions\":{\"length\":\"\",\"width\":\"\",\"height\":\"\"},\"dimensions_html\":\"N\\\/A\",\"display_price\":265.45,\"display_regular_price\":265.45,\"image\":{\"title\":\"crni ljetni tartufi\",\"caption\":\"\",\"url\":\"https:\\\/\\\/tartufi-istra.com\\\/wp-content\\\/uploads\\\/2020\\\/11\\\/crni-ljetni-tartufi.jpg\",\"alt\":\"crni ljetni tartufi\",\"src\":\"https:\\\/\\\/tartufi-istra.com\\\/wp-content\\\/uploads\\\/2020\\\/11\\\/crni-ljetni-tartufi-920x920.jpg\",\"srcset\":\"https:\\\/\\\/tartufi-istra.com\\\/wp-content\\\/uploads\\\/2020\\\/11\\\/crni-ljetni-tartufi-920x920.jpg 920w, https:\\\/\\\/tartufi-istra.com\\\/wp-content\\\/uploads\\\/2020\\\/11\\\/crni-ljetni-tartufi-300x300.jpg 300w, https:\\\/\\\/tartufi-istra.com\\\/wp-content\\\/uploads\\\/2020\\\/11\\\/crni-ljetni-tartufi-1024x1024.jpg 1024w, https:\\\/\\\/tartufi-istra.com\\\/wp-content\\\/uploads\\\/2020\\\/11\\\/crni-ljetni-tartufi-150x150.jpg 150w, https:\\\/\\\/tartufi-istra.com\\\/wp-content\\\/uploads\\\/2020\\\/11\\\/crni-ljetni-tartufi-768x768.jpg 768w, https:\\\/\\\/tartufi-istra.com\\\/wp-content\\\/uploads\\\/2020\\\/11\\\/crni-ljetni-tartufi-1536x1536.jpg 1536w, https:\\\/\\\/tartufi-istra.com\\\/wp-content\\\/uploads\\\/2020\\\/11\\\/crni-ljetni-tartufi-2048x2048.jpg 2048w, https:\\\/\\\/tartufi-istra.com\\\/wp-content\\\/uploads\\\/2020\\\/11\\\/crni-ljetni-tartufi-100x100.jpg 100w\",\"sizes\":\"(max-width: 920px) 100vw, 920px\",\"full_src\":\"https:\\\/\\\/tartufi-istra.com\\\/wp-content\\\/uploads\\\/2020\\\/11\\\/crni-ljetni-tartufi.jpg\",\"full_src_w\":2250,\"full_src_h\":2250,\"gallery_thumbnail_src\":\"https:\\\/\\\/tartufi-istra.com\\\/wp-content\\\/uploads\\\/2020\\\/11\\\/crni-ljetni-tartufi-150x150.jpg\",\"gallery_thumbnail_src_w\":150,\"gallery_thumbnail_src_h\":150,\"thumb_src\":\"https:\\\/\\\/tartufi-istra.com\\\/wp-content\\\/uploads\\\/2020\\\/11\\\/crni-ljetni-tartufi-350x435.jpg\",\"thumb_src_w\":350,\"thumb_src_h\":435,\"src_w\":920,\"src_h\":920},\"image_id\":5213,\"is_downloadable\":false,\"is_in_stock\":true,\"is_purchasable\":true,\"is_sold_individually\":\"no\",\"is_virtual\":false,\"max_qty\":\"\",\"min_qty\":1,\"price_html\":\"&lt;encoded_tag_open \/&gt;span class=\\\"price\\\"&lt;encoded_tag_closed \/&gt;&lt;encoded_tag_open \/&gt;span class=\\\"woocommerce-Price-amount amount\\\"&lt;encoded_tag_closed \/&gt;&lt;encoded_tag_open \/&gt;bdi&lt;encoded_tag_closed \/&gt;265.45&nbsp;&lt;encoded_tag_open \/&gt;span class=\\\"woocommerce-Price-currencySymbol\\\"&lt;encoded_tag_closed \/&gt;\u20ac&lt;encoded_tag_open \/&gt;\\\/span&lt;encoded_tag_closed \/&gt;&lt;encoded_tag_open \/&gt;\\\/bdi&lt;encoded_tag_closed \/&gt;&lt;encoded_tag_open \/&gt;\\\/span&lt;encoded_tag_closed \/&gt;&lt;encoded_tag_open \/&gt;\\\/span&lt;encoded_tag_closed \/&gt;\",\"sku\":\"\",\"variation_description\":\"\",\"variation_id\":4354,\"variation_is_active\":true,\"variation_is_visible\":true,\"weight\":\"\",\"weight_html\":\"N\\\/A\",\"display_price_cents\":26545},{\"attributes\":{\"attribute_pa_klasa\":\"15-100g\",\"attribute_pa_pakiranje\":\"100g\"},\"availability_html\":\"\",\"backorders_allowed\":false,\"dimensions\":{\"length\":\"\",\"width\":\"\",\"height\":\"\"},\"dimensions_html\":\"N\\\/A\",\"display_price\":39.82,\"display_regular_price\":39.82,\"image\":{\"title\":\"crni ljetni tartufi\",\"caption\":\"\",\"url\":\"https:\\\/\\\/tartufi-istra.com\\\/wp-content\\\/uploads\\\/2020\\\/11\\\/crni-ljetni-tartufi.jpg\",\"alt\":\"crni ljetni tartufi\",\"src\":\"https:\\\/\\\/tartufi-istra.com\\\/wp-content\\\/uploads\\\/2020\\\/11\\\/crni-ljetni-tartufi-920x920.jpg\",\"srcset\":\"https:\\\/\\\/tartufi-istra.com\\\/wp-content\\\/uploads\\\/2020\\\/11\\\/crni-ljetni-tartufi-920x920.jpg 920w, https:\\\/\\\/tartufi-istra.com\\\/wp-content\\\/uploads\\\/2020\\\/11\\\/crni-ljetni-tartufi-300x300.jpg 300w, https:\\\/\\\/tartufi-istra.com\\\/wp-content\\\/uploads\\\/2020\\\/11\\\/crni-ljetni-tartufi-1024x1024.jpg 1024w, https:\\\/\\\/tartufi-istra.com\\\/wp-content\\\/uploads\\\/2020\\\/11\\\/crni-ljetni-tartufi-150x150.jpg 150w, https:\\\/\\\/tartufi-istra.com\\\/wp-content\\\/uploads\\\/2020\\\/11\\\/crni-ljetni-tartufi-768x768.jpg 768w, https:\\\/\\\/tartufi-istra.com\\\/wp-content\\\/uploads\\\/2020\\\/11\\\/crni-ljetni-tartufi-1536x1536.jpg 1536w, https:\\\/\\\/tartufi-istra.com\\\/wp-content\\\/uploads\\\/2020\\\/11\\\/crni-ljetni-tartufi-2048x2048.jpg 2048w, https:\\\/\\\/tartufi-istra.com\\\/wp-content\\\/uploads\\\/2020\\\/11\\\/crni-ljetni-tartufi-100x100.jpg 100w\",\"sizes\":\"(max-width: 920px) 100vw, 920px\",\"full_src\":\"https:\\\/\\\/tartufi-istra.com\\\/wp-content\\\/uploads\\\/2020\\\/11\\\/crni-ljetni-tartufi.jpg\",\"full_src_w\":2250,\"full_src_h\":2250,\"gallery_thumbnail_src\":\"https:\\\/\\\/tartufi-istra.com\\\/wp-content\\\/uploads\\\/2020\\\/11\\\/crni-ljetni-tartufi-150x150.jpg\",\"gallery_thumbnail_src_w\":150,\"gallery_thumbnail_src_h\":150,\"thumb_src\":\"https:\\\/\\\/tartufi-istra.com\\\/wp-content\\\/uploads\\\/2020\\\/11\\\/crni-ljetni-tartufi-350x435.jpg\",\"thumb_src_w\":350,\"thumb_src_h\":435,\"src_w\":920,\"src_h\":920},\"image_id\":5213,\"is_downloadable\":false,\"is_in_stock\":true,\"is_purchasable\":true,\"is_sold_individually\":\"no\",\"is_virtual\":false,\"max_qty\":\"\",\"min_qty\":1,\"price_html\":\"&lt;encoded_tag_open \/&gt;span class=\\\"price\\\"&lt;encoded_tag_closed \/&gt;&lt;encoded_tag_open \/&gt;span class=\\\"woocommerce-Price-amount amount\\\"&lt;encoded_tag_closed \/&gt;&lt;encoded_tag_open \/&gt;bdi&lt;encoded_tag_closed \/&gt;39.82&nbsp;&lt;encoded_tag_open \/&gt;span class=\\\"woocommerce-Price-currencySymbol\\\"&lt;encoded_tag_closed \/&gt;\u20ac&lt;encoded_tag_open \/&gt;\\\/span&lt;encoded_tag_closed \/&gt;&lt;encoded_tag_open \/&gt;\\\/bdi&lt;encoded_tag_closed \/&gt;&lt;encoded_tag_open \/&gt;\\\/span&lt;encoded_tag_closed \/&gt;&lt;encoded_tag_open \/&gt;\\\/span&lt;encoded_tag_closed \/&gt;\",\"sku\":\"\",\"variation_description\":\"\",\"variation_id\":4355,\"variation_is_active\":true,\"variation_is_visible\":true,\"weight\":\"\",\"weight_html\":\"N\\\/A\",\"display_price_cents\":3982},{\"attributes\":{\"attribute_pa_klasa\":\"15-100g\",\"attribute_pa_pakiranje\":\"500g\"},\"availability_html\":\"\",\"backorders_allowed\":false,\"dimensions\":{\"length\":\"\",\"width\":\"\",\"height\":\"\"},\"dimensions_html\":\"N\\\/A\",\"display_price\":159.27,\"display_regular_price\":159.27,\"image\":{\"title\":\"crni ljetni tartufi\",\"caption\":\"\",\"url\":\"https:\\\/\\\/tartufi-istra.com\\\/wp-content\\\/uploads\\\/2020\\\/11\\\/crni-ljetni-tartufi.jpg\",\"alt\":\"crni ljetni tartufi\",\"src\":\"https:\\\/\\\/tartufi-istra.com\\\/wp-content\\\/uploads\\\/2020\\\/11\\\/crni-ljetni-tartufi-920x920.jpg\",\"srcset\":\"https:\\\/\\\/tartufi-istra.com\\\/wp-content\\\/uploads\\\/2020\\\/11\\\/crni-ljetni-tartufi-920x920.jpg 920w, https:\\\/\\\/tartufi-istra.com\\\/wp-content\\\/uploads\\\/2020\\\/11\\\/crni-ljetni-tartufi-300x300.jpg 300w, https:\\\/\\\/tartufi-istra.com\\\/wp-content\\\/uploads\\\/2020\\\/11\\\/crni-ljetni-tartufi-1024x1024.jpg 1024w, https:\\\/\\\/tartufi-istra.com\\\/wp-content\\\/uploads\\\/2020\\\/11\\\/crni-ljetni-tartufi-150x150.jpg 150w, https:\\\/\\\/tartufi-istra.com\\\/wp-content\\\/uploads\\\/2020\\\/11\\\/crni-ljetni-tartufi-768x768.jpg 768w, https:\\\/\\\/tartufi-istra.com\\\/wp-content\\\/uploads\\\/2020\\\/11\\\/crni-ljetni-tartufi-1536x1536.jpg 1536w, https:\\\/\\\/tartufi-istra.com\\\/wp-content\\\/uploads\\\/2020\\\/11\\\/crni-ljetni-tartufi-2048x2048.jpg 2048w, https:\\\/\\\/tartufi-istra.com\\\/wp-content\\\/uploads\\\/2020\\\/11\\\/crni-ljetni-tartufi-100x100.jpg 100w\",\"sizes\":\"(max-width: 920px) 100vw, 920px\",\"full_src\":\"https:\\\/\\\/tartufi-istra.com\\\/wp-content\\\/uploads\\\/2020\\\/11\\\/crni-ljetni-tartufi.jpg\",\"full_src_w\":2250,\"full_src_h\":2250,\"gallery_thumbnail_src\":\"https:\\\/\\\/tartufi-istra.com\\\/wp-content\\\/uploads\\\/2020\\\/11\\\/crni-ljetni-tartufi-150x150.jpg\",\"gallery_thumbnail_src_w\":150,\"gallery_thumbnail_src_h\":150,\"thumb_src\":\"https:\\\/\\\/tartufi-istra.com\\\/wp-content\\\/uploads\\\/2020\\\/11\\\/crni-ljetni-tartufi-350x435.jpg\",\"thumb_src_w\":350,\"thumb_src_h\":435,\"src_w\":920,\"src_h\":920},\"image_id\":5213,\"is_downloadable\":false,\"is_in_stock\":true,\"is_purchasable\":true,\"is_sold_individually\":\"no\",\"is_virtual\":false,\"max_qty\":\"\",\"min_qty\":1,\"price_html\":\"&lt;encoded_tag_open \/&gt;span class=\\\"price\\\"&lt;encoded_tag_closed \/&gt;&lt;encoded_tag_open \/&gt;span class=\\\"woocommerce-Price-amount amount\\\"&lt;encoded_tag_closed \/&gt;&lt;encoded_tag_open \/&gt;bdi&lt;encoded_tag_closed \/&gt;159.27&nbsp;&lt;encoded_tag_open \/&gt;span class=\\\"woocommerce-Price-currencySymbol\\\"&lt;encoded_tag_closed \/&gt;\u20ac&lt;encoded_tag_open \/&gt;\\\/span&lt;encoded_tag_closed \/&gt;&lt;encoded_tag_open \/&gt;\\\/bdi&lt;encoded_tag_closed \/&gt;&lt;encoded_tag_open \/&gt;\\\/span&lt;encoded_tag_closed \/&gt;&lt;encoded_tag_open \/&gt;\\\/span&lt;encoded_tag_closed \/&gt;\",\"sku\":\"\",\"variation_description\":\"\",\"variation_id\":4356,\"variation_is_active\":true,\"variation_is_visible\":true,\"weight\":\"\",\"weight_html\":\"N\\\/A\",\"display_price_cents\":15927}]\"><\/form>\n","protected":false},"featured_media":1076,"comment_status":"open","ping_status":"closed","template":"","meta":{"_et_pb_use_builder":"on","_et_pb_old_content":"<h1><strong>Schwarzer Sommertr\u00fcffel \u2013 Tuber aestivum<\/strong><\/h1>\n<p data-sourcepos=\"14:1-14:384\">Entdecken Sie den <strong>Schwarzen Sommertr\u00fcffel (Tuber Aestivum)<\/strong>, den beliebtesten und am weitesten verbreiteten Vertreter der istrischen Tr\u00fcffel, der seine Saison w\u00e4hrend der <strong>warmen Sommermonate<\/strong> erlebt. Obwohl sich sein Geruch und seine Intensit\u00e4t von den Wintersorten unterscheiden, machen ihn seine <strong>Zug\u00e4nglichkeit und sein milder, angenehmer Duft<\/strong> zu einer \u00e4u\u00dferst beliebten Wahl f\u00fcr Kochbegeisterte und Profis weltweit. <\/p>\n<p data-sourcepos=\"16:1-16:418\"><strong>Eigenschaften und Herkunft:<\/strong> <strong>Tuber Aestivum<\/strong> zeichnet sich durch eine schwarze, raue Oberfl\u00e4che und ein helles Inneres (Gleba) mit wei\u00dfen Marmoradern aus. Er w\u00e4chst in verschiedenen Bodenarten in <strong>istrischen W\u00e4ldern<\/strong>, und seine Verf\u00fcgbarkeit im Sommer macht ihn ideal zum Experimentieren in der K\u00fcche. Sein <strong>delikater erdiger Duft<\/strong> mit Noten von Pilzen und Haseln\u00fcssen sowie sein milder nussiger Geschmack passen perfekt zu einer breiten Palette von Gerichten.  <\/p>\n<p data-sourcepos=\"18:1-18:172\"><strong>Vielseitige Anwendung in der K\u00fcche:<\/strong> Einer der gr\u00f6\u00dften Vorteile des <strong>Schwarzen Sommertr\u00fcffels<\/strong> ist seine <strong>Flexibilit\u00e4t in der Zubereitung<\/strong>. Sie k\u00f6nnen ihn auf verschiedene Arten verwenden: <\/p>\n\n<ul data-sourcepos=\"19:1-22:0\">\n \t<li data-sourcepos=\"19:1-19:202\"><strong>Roh gerieben:<\/strong> F\u00fcr eine subtile Tr\u00fcffelnote reiben Sie ihn einfach d\u00fcnn \u00fcber ein bereits fertiges, warmes Gericht wie Pasta, Risotto, Eier oder Salate. Die W\u00e4rme des Gerichts hilft, sein Aroma freizusetzen. <\/li>\n \t<li data-sourcepos=\"20:1-20:276\"><strong>Leichtes Erw\u00e4rmen:<\/strong> Um einen <strong>intensiveren Geschmack und ein st\u00e4rkeres Aroma<\/strong> zu erzielen, k\u00f6nnen Sie den Sommertr\u00fcffel kurz und sanft erw\u00e4rmen. Ideal ist es, ihn gegen Ende des Kochvorgangs hinzuzuf\u00fcgen oder ihn leicht mit etwas Oliven\u00f6l anzud\u00fcnsten. Er eignet sich perfekt f\u00fcr Saucen, Suppen oder als Beilage zu Fleisch- und Fischgerichten.  <\/li>\n \t<li data-sourcepos=\"21:1-22:0\"><strong>Kombination mit Oliven\u00f6l:<\/strong> Er ist hervorragend in Kombination mit hochwertigem <strong>istrischen Oliven\u00f6l<\/strong> und bildet die Basis f\u00fcr Saucen oder einfach als Dressing f\u00fcr Brot.<\/li>\n<\/ul>\n<p data-sourcepos=\"23:1-23:42\"><strong>Warum sollten Sie unseren Schwarzen Sommertr\u00fcffel w\u00e4hlen?<\/strong><\/p>\n\n<ul data-sourcepos=\"24:1-29:0\">\n \t<li data-sourcepos=\"24:1-24:92\"><strong>Erschwingliche Delikatesse:<\/strong> Ideale Einf\u00fchrung in die Welt der Tr\u00fcffel, verf\u00fcgbar w\u00e4hrend der Sommermonate.<\/li>\n \t<li data-sourcepos=\"25:1-25:91\"><strong>Vielseitige Verwendung:<\/strong> Hervorragend roh, leicht erw\u00e4rmt, in Saucen, Suppen oder als Dressing.<\/li>\n \t<li data-sourcepos=\"26:1-26:106\"><strong>Mildes, angenehmes Aroma:<\/strong> Perfekt f\u00fcr diejenigen, die gerade erst den Zauber der Tr\u00fcffel entdecken oder einen subtileren Geschmack bevorzugen.<\/li>\n \t<li data-sourcepos=\"27:1-27:93\"><strong>Authentische istrische Herkunft:<\/strong> Garantie f\u00fcr Qualit\u00e4t und Frische direkt aus den istrischen W\u00e4ldern.<\/li>\n<\/ul>","_et_gb_content_width":""},"product_brand":[],"product_cat":[57],"product_tag":[],"class_list":{"0":"post-2080","1":"product","2":"type-product","3":"status-publish","4":"has-post-thumbnail","6":"product_cat-frische-truffel","7":"product_shipping_class-fresh-truffles","9":"first","10":"instock","11":"shipping-taxable","12":"purchasable","13":"product-type-variable"},"aioseo_notices":[],"_links":{"self":[{"href":"https:\/\/tartufi-istra.com\/de\/wp-json\/wp\/v2\/product\/2080","targetHints":{"allow":["GET"]}}],"collection":[{"href":"https:\/\/tartufi-istra.com\/de\/wp-json\/wp\/v2\/product"}],"about":[{"href":"https:\/\/tartufi-istra.com\/de\/wp-json\/wp\/v2\/types\/product"}],"replies":[{"embeddable":true,"href":"https:\/\/tartufi-istra.com\/de\/wp-json\/wp\/v2\/comments?post=2080"}],"wp:featuredmedia":[{"embeddable":true,"href":"https:\/\/tartufi-istra.com\/de\/wp-json\/wp\/v2\/media\/1076"}],"wp:attachment":[{"href":"https:\/\/tartufi-istra.com\/de\/wp-json\/wp\/v2\/media?parent=2080"}],"wp:term":[{"taxonomy":"product_brand","embeddable":true,"href":"https:\/\/tartufi-istra.com\/de\/wp-json\/wp\/v2\/product_brand?post=2080"},{"taxonomy":"product_cat","embeddable":true,"href":"https:\/\/tartufi-istra.com\/de\/wp-json\/wp\/v2\/product_cat?post=2080"},{"taxonomy":"product_tag","embeddable":true,"href":"https:\/\/tartufi-istra.com\/de\/wp-json\/wp\/v2\/product_tag?post=2080"}],"curies":[{"name":"wp","href":"https:\/\/api.w.org\/{rel}","templated":true}]}}